{"id":68952,"date":"2020-10-25T11:04:00","date_gmt":"2020-10-25T10:04:00","guid":{"rendered":"https:\/\/www.pcb.ub.edu\/transparencia\/suggeriments-i-queixes-2\/normativa-administrativa-general\/"},"modified":"2023-01-18T16:32:01","modified_gmt":"2023-01-18T15:32:01","slug":"normativa-administrativa-general","status":"publish","type":"page","link":"https:\/\/www.pcb.ub.edu\/es\/transparencia\/suggeriments-i-queixes-2\/normativa-administrativa-general\/","title":{"rendered":"Normativa administrativa general"},"content":{"rendered":"[vc_row type=\u00bbin_container\u00bb full_screen_row_position=\u00bbmiddle\u00bb column_margin=\u00bbdefault\u00bb column_direction=\u00bbdefault\u00bb column_direction_tablet=\u00bbdefault\u00bb column_direction_phone=\u00bbdefault\u00bb scene_position=\u00bbcenter\u00bb text_color=\u00bbdark\u00bb text_align=\u00bbleft\u00bb row_border_radius=\u00bbnone\u00bb row_border_radius_applies=\u00bbbg\u00bb overlay_strength=\u00bb0.3&#8243; gradient_direction=\u00bbleft_to_right\u00bb shape_divider_position=\u00bbbottom\u00bb bg_image_animation=\u00bbnone\u00bb][vc_column column_padding=\u00bbno-extra-padding\u00bb column_padding_tablet=\u00bbinherit\u00bb column_padding_phone=\u00bbinherit\u00bb column_padding_position=\u00bball\u00bb column_element_spacing=\u00bbdefault\u00bb background_color_opacity=\u00bb1&#8243; background_hover_color_opacity=\u00bb1&#8243; column_shadow=\u00bbnone\u00bb column_border_radius=\u00bbnone\u00bb column_link_target=\u00bb_self\u00bb gradient_direction=\u00bbleft_to_right\u00bb overlay_strength=\u00bb0.3&#8243; width=\u00bb1\/1&#8243; tablet_width_inherit=\u00bbdefault\u00bb tablet_text_alignment=\u00bbdefault\u00bb phone_text_alignment=\u00bbdefault\u00bb bg_image_animation=\u00bbnone\u00bb border_type=\u00bbsimple\u00bb column_border_width=\u00bbnone\u00bb column_border_style=\u00bbsolid\u00bb][image_with_animation image_url=\u00bb859&#8243; animation=\u00bbFade In\u00bb hover_animation=\u00bbnone\u00bb alignment=\u00bb\u00bb border_radius=\u00bbnone\u00bb box_shadow=\u00bbnone\u00bb image_loading=\u00bbdefault\u00bb max_width=\u00bb100%\u00bb max_width_mobile=\u00bbdefault\u00bb][vc_column_text el_class=\u00bbtitulo\u00bb]\n<h1>Portal de Transparencia<\/h1>\n[\/vc_column_text][\/vc_column][\/vc_row][vc_row type=\u00bbin_container\u00bb full_screen_row_position=\u00bbmiddle\u00bb column_margin=\u00bb70px\u00bb equal_height=\u00bbyes\u00bb column_direction=\u00bbdefault\u00bb column_direction_tablet=\u00bbdefault\u00bb column_direction_phone=\u00bbdefault\u00bb scene_position=\u00bbcenter\u00bb text_color=\u00bbdark\u00bb text_align=\u00bbleft\u00bb row_border_radius=\u00bbnone\u00bb row_border_radius_applies=\u00bbbg\u00bb overlay_strength=\u00bb0.3&#8243; gradient_direction=\u00bbleft_to_right\u00bb shape_divider_position=\u00bbbottom\u00bb bg_image_animation=\u00bbnone\u00bb shape_type=\u00bb\u00bb][vc_column column_padding=\u00bbno-extra-padding\u00bb column_padding_tablet=\u00bbinherit\u00bb column_padding_phone=\u00bbinherit\u00bb column_padding_position=\u00bball\u00bb column_element_spacing=\u00bbdefault\u00bb background_color_opacity=\u00bb1&#8243; background_hover_color_opacity=\u00bb1&#8243; column_shadow=\u00bbnone\u00bb column_border_radius=\u00bbnone\u00bb column_link_target=\u00bb_self\u00bb gradient_direction=\u00bbleft_to_right\u00bb overlay_strength=\u00bb0.3&#8243; width=\u00bb1\/4&#8243; tablet_width_inherit=\u00bbdefault\u00bb tablet_text_alignment=\u00bbdefault\u00bb phone_text_alignment=\u00bbdefault\u00bb bg_image_animation=\u00bbnone\u00bb border_type=\u00bbsimple\u00bb column_border_width=\u00bbnone\u00bb column_border_style=\u00bbsolid\u00bb][vc_column_text]<ul>\r\n<li> <a href=\"http:\/\/www.pcb.ub.edu\/es\/transparencia\/publicitat-activa\"><strong>Publicidad activa<\/strong><\/a> \r\n<ul>\r\n<li> <a href=\"http:\/\/www.pcb.ub.edu\/es\/transparencia\/publicitat-activa\/informacio-institucional\/\">Informaci\u00f3n institucional<\/a> <\/li>\r\n<li> <a href=\"http:\/\/www.pcb.ub.edu\/es\/transparencia\/publicitat-activa\/gestio-economica-pressupostaria-i-patrimonial\/\">Gesti\u00f3n econ\u00f3mica, presupuestaria y patrimonial<\/a> <\/li>\r\n<li> <a href=\"http:\/\/www.pcb.ub.edu\/es\/transparencia\/publicitat-activa\/contractes-acords-i-convenis-2\/\">Contratos, acuerdos y convenios<\/a> <\/li>\r\n<li> <a href=\"https:\/\/www.pcb.ub.edu\/es\/transparencia\/publicitat-activa\/llistat-dempreses-a-les-quals-la-fundacio-subcontracta-serveis\/\">Listado de empresas a las que la fundaci\u00f3n subcontrata servicios<\/a> <\/li>\r\n<li> <a href=\"http:\/\/www.pcb.ub.edu\/es\/transparencia\/publicitat-activa\/ajuts-concedits\/\">Ayudas concedidas<\/a> <\/li>\r\n<li> <a href=\"http:\/\/www.pcb.ub.edu\/es\/transparencia\/publicitat-activa\/personal\/\">Personal<\/a> <\/li>\r\n<li> <a href=\"http:\/\/www.pcb.ub.edu\/es\/transparencia\/publicitat-activa\/procediment-dactualitzacio-de-continguts\/\">Procedimiento de actualizaci\u00f3n de contenidos<\/a> <\/li>\r\n<\/ul>\r\n<\/li>\r\n<li> <a href=\"http:\/\/www.pcb.ub.edu\/es\/transparencia\/acces-a-la-informacio-publica\/\"><strong>Acceso a la informaci\u00f3n p\u00fablica<\/strong><\/a> <\/li>\r\n<li> <a href=\"http:\/\/www.pcb.ub.edu\/es\/transparencia\/bon-govern-2\/\"><strong><span class=\"ui-provider gp b c d e f g h i j k l m n o p q r s t u v w x y z ab ac ae af ag ah ai aj ak\" dir=\"ltr\">Integridad y buen gobierno<\/span><\/strong><\/a> <\/li>\r\n<li> <a href=\"http:\/\/www.pcb.ub.edu\/es\/transparencia\/participacio-i-govern-obert\/\"><strong>Participaci\u00f3n y gobierno abierto<\/strong><\/a> <\/li>\r\n<li> <a href=\"http:\/\/www.pcb.ub.edu\/es\/transparencia\/grups-dinteres\/\"><strong>Grupos de inter\u00e9s<\/strong><\/a> <\/li>\r\n<li> <a href=\"http:\/\/www.pcb.ub.edu\/es\/transparencia\/suggeriments-i-queixes\/\"><strong>Sugerencias y quejas<\/strong><\/a> <\/li>\r\n<li> <a href=\"http:\/\/www.pcb.ub.edu\/es\/transparencia\/suggeriments-i-queixes-2\/\"><strong>Normativa<\/strong><\/a> \r\n<ul>\r\n<li> <a href=\"http:\/\/www.pcb.ub.edu\/es\/transparencia\/suggeriments-i-queixes-2\/normativa-fundacio-parc-cientific-de-barcelona\/\">Normativa Fundaci\u00f3n Parque Cient\u00edfico de Barcelona<\/a> <\/li>\r\n<li> <a href=\"http:\/\/www.pcb.ub.edu\/es\/transparencia\/suggeriments-i-queixes-2\/normativa-fundacions\/\">Normativa Fundaciones<\/a> <\/li>\r\n<li> <a href=\"http:\/\/www.pcb.ub.edu\/es\/transparencia\/suggeriments-i-queixes-2\/normativa-de-transparencia\/\">Normativa de Transparencia<\/a> <\/li>\r\n<li> <a href=\"http:\/\/www.pcb.ub.edu\/es\/transparencia\/suggeriments-i-queixes-2\/normativa-administrativa-general\/\">Normativa administrativa general<\/a> <\/li>\r\n<\/ul>\r\n<\/li>\r\n<li> <a href=\"http:\/\/www.pcb.ub.edu\/es\/transparencia\/dades-obertes-2\/\"><strong>Datos abiertos<\/strong><\/a> \r\n<ul>\r\n<li> <a href=\"http:\/\/www.pcb.ub.edu\/es\/transparencia\/dades-obertes-2\/gestio-economica-pressupostaria-i-patrimonial\/\">Gesti\u00f3n econ\u00f3mica, presupuestaria y patrimonial<\/a> <\/li>\r\n<li> <a href=\"http:\/\/www.pcb.ub.edu\/es\/transparencia\/dades-obertes-2\/contractes-acords-i-convenis\/\">Contratos, acuerdos y convenios<\/a> <\/li>\r\n<li> <a href=\"http:\/\/www.pcb.ub.edu\/es\/transparencia\/dades-obertes-2\/ajuts-concedits\/\">Ayudas concedidas<\/a> <\/li>\r\n<\/ul>\r\n<\/li>\r\n<\/ul>[\/vc_column_text][\/vc_column][vc_column column_padding=\u00bbno-extra-padding\u00bb column_padding_tablet=\u00bbinherit\u00bb column_padding_phone=\u00bbinherit\u00bb column_padding_position=\u00bball\u00bb column_element_spacing=\u00bbdefault\u00bb background_color_opacity=\u00bb1&#8243; background_hover_color_opacity=\u00bb1&#8243; column_shadow=\u00bbnone\u00bb column_border_radius=\u00bbnone\u00bb column_link_target=\u00bb_self\u00bb gradient_direction=\u00bbleft_to_right\u00bb overlay_strength=\u00bb0.3&#8243; width=\u00bb3\/4&#8243; tablet_width_inherit=\u00bbdefault\u00bb tablet_text_alignment=\u00bbdefault\u00bb phone_text_alignment=\u00bbdefault\u00bb bg_image_animation=\u00bbnone\u00bb border_type=\u00bbsimple\u00bb column_border_width=\u00bbnone\u00bb column_border_style=\u00bbsolid\u00bb][vc_column_text]<img loading=\"lazy\" decoding=\"async\" class=\"alignnone wp-image-6973 size-thumbnail\" src=\"https:\/\/www.pcb.ub.edu\/wp-content\/uploads\/2020\/10\/normativa-150x150.jpg\" alt=\"\" width=\"150\" height=\"150\" srcset=\"https:\/\/www.pcb.ub.edu\/wp-content\/uploads\/2020\/10\/normativa-150x150.jpg 150w, https:\/\/www.pcb.ub.edu\/wp-content\/uploads\/2020\/10\/normativa-100x100.jpg 100w, https:\/\/www.pcb.ub.edu\/wp-content\/uploads\/2020\/10\/normativa-140x140.jpg 140w\" sizes=\"auto, (max-width: 150px) 100vw, 150px\" \/>[\/vc_column_text][vc_column_text]\n<h2><strong>Normativa<\/strong><\/h2>\n[\/vc_column_text][vc_column_text el_class=\u00bbul-blue2&#8243;]\n<h3><strong>Normativa administrativa general<\/strong><\/h3>\n<h3>Organizaci\u00f3n y procedimiento administrativo<\/h3>\n<p><a href=\"https:\/\/www.boe.es\/buscar\/act.php?id=BOE-A-2015-10565\" target=\"_blank\" rel=\"noopener noreferrer\">Ley 39\/2015, de 1 de octubre, del Procedimiento Administrativo Com\u00fan de las Administraciones P\u00fablicas<br \/>\n<\/a><\/p>\n<p><a href=\"https:\/\/www.boe.es\/buscar\/act.php?id=BOE-A-2015-10566\" target=\"_blank\" rel=\"noopener noreferrer\">Ley 40\/2015, de 1 de octubre, de R\u00e9gimen Jur\u00eddico del Sector P\u00fablico<\/a><\/p>\n<h3>Contractaci\u00f3n<\/h3>\n<p>Normativa estatal<\/p>\n<p><a href=\"https:\/\/www.boe.es\/buscar\/doc.php?id=BOE-A-2017-12902\" target=\"_blank\" rel=\"noopener noreferrer\">Ley 9\/2017, de 8 de noviembre, de Contratos del Sector P\u00fablico, por la que se transponen al ordenamiento jur\u00eddico espa\u00f1ol las Directivas del Parlamento Europeo y del Consejo 2014\/23\/UE y 2014\/24\/UE, de\u00a0<\/a>\u00a0\u00a0<a href=\"https:\/\/www.boe.es\/buscar\/doc.php?id=BOE-A-2017-12902\" target=\"_blank\" rel=\"noopener noreferrer\">26 de febrero de 2014<\/a><\/p>\n<p><a href=\"https:\/\/www.boe.es\/buscar\/act.php?id=BOE-A-2001-19995\" target=\"_blank\" rel=\"noopener noreferrer\">Real Decreto 1098\/2001, de 12 de octubre, por el que se aprueba el Reglamento general de la Ley de Contratos de las Administraciones P\u00fablicas<\/a><\/p>\n<h3>Administraci\u00f3n electr\u00f3nica<\/h3>\n<p>Normativa estatal<\/p>\n<p><a href=\"https:\/\/www.boe.es\/buscar\/act.php?id=BOE-A-2003-23399\" target=\"_blank\" rel=\"noopener noreferrer\">Ley 59\/2003, de 19 de diciembre, de firma electr\u00f3nica<\/a><\/p>\n<p>Normativa de la Universidad de Barcelona<\/p>\n<p><a href=\"https:\/\/www.ub.edu\/atic\/webs\/politica\/documents\/administracio_electronica.pdf\" target=\"_blank\" rel=\"noopener noreferrer\">Reglamento de uso de los medios electr\u00f3nicos en el \u00e1mbito de la Universidad de Barcelona, \u200b\u200baprobado por el Consejo de Gobierno en fecha 19 de julio de 2012<br \/>\n<\/a><\/p>\n<p><a href=\"https:\/\/www.ub.edu\/web\/ub\/galeries\/documents\/sites\/transparencia\/normativa\/diversa\/normativa_identificacio_signatura_electronica.pdf\" target=\"_blank\" rel=\"noopener noreferrer\">Normativa de identificaci\u00f3n y firma electr\u00f3nica, aprobada por el Consejo de Gobierno de 14 de febrero de 2018<\/a><\/p>\n<h3><strong>Protecci\u00f3n de datos de car\u00e1cter personal<br \/>\n<\/strong><\/h3>\n<p>Reglamento general de Protecci\u00f3n de Datos<\/p>\n<p><a href=\"https:\/\/eur-lex.europa.eu\/legal-content\/ES\/ALL\/?uri=CELEX:32016R0679\" target=\"_blank\" rel=\"noopener noreferrer\">Reglamento (UE) n\u00fam. 2016\/679 del Parlamento Europeo y del Consejo, de 27 de abril de 2016, relativo a la protecci\u00f3n de las personas f\u00edsicas en cuanto al tratamiento de datos personales y \u00a0<\/a><a href=\"https:\/\/eur-lex.europa.eu\/legal-content\/ES\/ALL\/?uri=CELEX:32016R0679\" target=\"_blank\" rel=\"noopener noreferrer\">a la libre circulaci\u00f3n de estos datos y por el que se deroga la Directiva 95 \/46 \/ CE (Reglamento general de protecci\u00f3n de datos)<\/a><\/p>\n<p>Normativa estatal<\/p>\n<p><a href=\"https:\/\/boe.es\/legislacion\/codigos\/codigo.php?id=055_Proteccion_de_Datos_de_Caracter_Personal&amp;modo=1\" target=\"_blank\" rel=\"noopener noreferrer\">Ley org\u00e1nica 3\/2018, de 5 de diciembre, de protecci\u00f3n de datos personales y garant\u00eda de los derechos digitales<br \/>\n<\/a><\/p>\n<p><a href=\"https:\/\/boe.es\/legislacion\/codigos\/codigo.php?id=055_Proteccion_de_Datos_de_Caracter_Personal&amp;modo=1\" target=\"_blank\" rel=\"noopener noreferrer\">Ley org\u00e1nica 15\/1999, de 13 de diciembre, de protecci\u00f3n de datos de car\u00e1cter personal (BOE n\u00fam. 298, de 14.12.1999) [Aplicable en lo que no se oponga al Reglamento (UE) 2016\/679]\n<\/a><\/p>\n<p><a href=\"https:\/\/boe.es\/legislacion\/codigos\/codigo.php?id=055_Proteccion_de_Datos_de_Caracter_Personal&amp;modo=1\" target=\"_blank\" rel=\"noopener noreferrer\">Real decreto 1720\/2007, de 21 de diciembre, de protecci\u00f3n de datos de car\u00e1cter personal (BOE n\u00fam. 17, de 19.01.2008) [Aplicable en lo que no se oponga al Reglamento (UE) 2016\/679]\n<\/a><\/p>\n<p><a href=\"https:\/\/boe.es\/legislacion\/codigos\/codigo.php?id=055_Proteccion_de_Datos_de_Caracter_Personal&amp;modo=1\" target=\"_blank\" rel=\"noopener noreferrer\">Real decreto ley 5\/2018, de 27 de julio, de medidas urgentes para la adaptaci\u00f3n del Derecho espa\u00f1ol a la normativa de la Uni\u00f3n Europea en materia de protecci\u00f3n de datos<\/a><\/p>\n<p>Normativa de la Generalitat de Catalunya<\/p>\n<p><a href=\"http:\/\/apdcat.gencat.cat\/ca\/inici\/\" target=\"_blank\" rel=\"noopener noreferrer\">Ley 32\/2010, de 1 de octubre, de la Autoridad Catalana de Protecci\u00f3n de Datos (DOGC n\u00fam. 5731, de 8.10.2010)<br \/>\n<\/a><\/p>\n<p><a href=\"http:\/\/apdcat.gencat.cat\/ca\/inici\/\" target=\"_blank\" rel=\"noopener noreferrer\">Decreto 48\/2003, de 20 de febrero, por el que se aprueba el Estatuto de la Agencia Catalana de Protecci\u00f3n de Datos (DOGC n\u00fam. 3835, de 04.03.2003)<\/a><\/p>\n<p>Normativa de la Universitat de Barcelona<\/p>\n<p><a href=\"https:\/\/www.ub.edu\/web\/ub\/galeries\/documents\/sites\/transparencia\/normativa\/especifiques\/automat.pdf\" target=\"_blank\" rel=\"noopener noreferrer\">Regulaci\u00f3n del tratamiento automatizado de los datos de car\u00e1cter personal en la UB, Resoluci\u00f3n del Rector de la Universidad de Barcelona (DOGC n\u00fam. 2127 de 13.11.95)<br \/>\n<\/a>[\/vc_column_text][\/vc_column][\/vc_row]\n","protected":false},"excerpt":{"rendered":"<p>[vc_row type=\u00bbin_container\u00bb full_screen_row_position=\u00bbmiddle\u00bb column_margin=\u00bbdefault\u00bb column_direction=\u00bbdefault\u00bb column_direction_tablet=\u00bbdefault\u00bb column_direction_phone=\u00bbdefault\u00bb scene_position=\u00bbcenter\u00bb text_color=\u00bbdark\u00bb text_align=\u00bbleft\u00bb row_border_radius=\u00bbnone\u00bb row_border_radius_applies=\u00bbbg\u00bb overlay_strength=\u00bb0.3&#8243; gradient_direction=\u00bbleft_to_right\u00bb shape_divider_position=\u00bbbottom\u00bb bg_image_animation=\u00bbnone\u00bb][vc_column column_padding=\u00bbno-extra-padding\u00bb column_padding_tablet=\u00bbinherit\u00bb column_padding_phone=\u00bbinherit\u00bb column_padding_position=\u00bball\u00bb column_element_spacing=\u00bbdefault\u00bb background_color_opacity=\u00bb1&#8243; background_hover_color_opacity=\u00bb1&#8243; column_shadow=\u00bbnone\u00bb column_border_radius=\u00bbnone\u00bb column_link_target=\u00bb_self\u00bb gradient_direction=\u00bbleft_to_right\u00bb overlay_strength=\u00bb0.3&#8243; width=\u00bb1\/1&#8243; tablet_width_inherit=\u00bbdefault\u00bb&#8230;<\/p>\n","protected":false},"author":2,"featured_media":0,"parent":68925,"menu_order":0,"comment_status":"closed","ping_status":"closed","template":"","meta":{"_acf_changed":false,"inline_featured_image":false,"footnotes":""},"class_list":["post-68952","page","type-page","status-publish"],"acf":[],"yoast_head":"<!-- This site is optimized with the Yoast SEO plugin v27.3 - https:\/\/yoast.com\/product\/yoast-seo-wordpress\/ -->\n<title>Normativa administrativa general - Parc Cient\u00edfic de Barcelona<\/title>\n<meta name=\"robots\" content=\"index, follow, max-snippet:-1, max-image-preview:large, max-video-preview:-1\" \/>\n<link rel=\"canonical\" href=\"https:\/\/www.pcb.ub.edu\/es\/transparencia\/suggeriments-i-queixes-2\/normativa-administrativa-general\/\" \/>\n<meta property=\"og:locale\" content=\"es_ES\" \/>\n<meta property=\"og:type\" content=\"article\" \/>\n<meta property=\"og:title\" content=\"Normativa administrativa general - Parc Cient\u00edfic de Barcelona\" \/>\n<meta property=\"og:description\" content=\"[vc_row type=\u00bbin_container\u00bb full_screen_row_position=\u00bbmiddle\u00bb column_margin=\u00bbdefault\u00bb column_direction=\u00bbdefault\u00bb column_direction_tablet=\u00bbdefault\u00bb column_direction_phone=\u00bbdefault\u00bb scene_position=\u00bbcenter\u00bb text_color=\u00bbdark\u00bb text_align=\u00bbleft\u00bb row_border_radius=\u00bbnone\u00bb row_border_radius_applies=\u00bbbg\u00bb overlay_strength=\u00bb0.3&#8243; gradient_direction=\u00bbleft_to_right\u00bb shape_divider_position=\u00bbbottom\u00bb bg_image_animation=\u00bbnone\u00bb][vc_column column_padding=\u00bbno-extra-padding\u00bb column_padding_tablet=\u00bbinherit\u00bb column_padding_phone=\u00bbinherit\u00bb column_padding_position=\u00bball\u00bb column_element_spacing=\u00bbdefault\u00bb background_color_opacity=\u00bb1&#8243; background_hover_color_opacity=\u00bb1&#8243; column_shadow=\u00bbnone\u00bb column_border_radius=\u00bbnone\u00bb column_link_target=\u00bb_self\u00bb gradient_direction=\u00bbleft_to_right\u00bb overlay_strength=\u00bb0.3&#8243; width=\u00bb1\/1&#8243; tablet_width_inherit=\u00bbdefault\u00bb...\" \/>\n<meta property=\"og:url\" content=\"https:\/\/www.pcb.ub.edu\/es\/transparencia\/suggeriments-i-queixes-2\/normativa-administrativa-general\/\" \/>\n<meta property=\"og:site_name\" content=\"Parc Cient\u00edfic de Barcelona\" \/>\n<meta property=\"article:modified_time\" content=\"2023-01-18T15:32:01+00:00\" \/>\n<meta property=\"og:image\" content=\"https:\/\/www.pcb.ub.edu\/wp-content\/uploads\/2020\/10\/normativa-150x150.jpg\" \/>\n<meta name=\"twitter:card\" content=\"summary_large_image\" \/>\n<meta name=\"twitter:label1\" content=\"Tiempo de lectura\" \/>\n\t<meta name=\"twitter:data1\" content=\"4 minutos\" \/>\n<script type=\"application\/ld+json\" class=\"yoast-schema-graph\">{\"@context\":\"https:\\\/\\\/schema.org\",\"@graph\":[{\"@type\":\"WebPage\",\"@id\":\"https:\\\/\\\/www.pcb.ub.edu\\\/es\\\/transparencia\\\/suggeriments-i-queixes-2\\\/normativa-administrativa-general\\\/\",\"url\":\"https:\\\/\\\/www.pcb.ub.edu\\\/es\\\/transparencia\\\/suggeriments-i-queixes-2\\\/normativa-administrativa-general\\\/\",\"name\":\"Normativa administrativa general - Parc Cient\u00edfic de Barcelona\",\"isPartOf\":{\"@id\":\"https:\\\/\\\/www.pcb.ub.edu\\\/es\\\/#website\"},\"primaryImageOfPage\":{\"@id\":\"https:\\\/\\\/www.pcb.ub.edu\\\/es\\\/transparencia\\\/suggeriments-i-queixes-2\\\/normativa-administrativa-general\\\/#primaryimage\"},\"image\":{\"@id\":\"https:\\\/\\\/www.pcb.ub.edu\\\/es\\\/transparencia\\\/suggeriments-i-queixes-2\\\/normativa-administrativa-general\\\/#primaryimage\"},\"thumbnailUrl\":\"https:\\\/\\\/www.pcb.ub.edu\\\/wp-content\\\/uploads\\\/2020\\\/10\\\/normativa-150x150.jpg\",\"datePublished\":\"2020-10-25T10:04:00+00:00\",\"dateModified\":\"2023-01-18T15:32:01+00:00\",\"breadcrumb\":{\"@id\":\"https:\\\/\\\/www.pcb.ub.edu\\\/es\\\/transparencia\\\/suggeriments-i-queixes-2\\\/normativa-administrativa-general\\\/#breadcrumb\"},\"inLanguage\":\"es\",\"potentialAction\":[{\"@type\":\"ReadAction\",\"target\":[\"https:\\\/\\\/www.pcb.ub.edu\\\/es\\\/transparencia\\\/suggeriments-i-queixes-2\\\/normativa-administrativa-general\\\/\"]}]},{\"@type\":\"ImageObject\",\"inLanguage\":\"es\",\"@id\":\"https:\\\/\\\/www.pcb.ub.edu\\\/es\\\/transparencia\\\/suggeriments-i-queixes-2\\\/normativa-administrativa-general\\\/#primaryimage\",\"url\":\"https:\\\/\\\/www.pcb.ub.edu\\\/wp-content\\\/uploads\\\/2020\\\/10\\\/normativa-150x150.jpg\",\"contentUrl\":\"https:\\\/\\\/www.pcb.ub.edu\\\/wp-content\\\/uploads\\\/2020\\\/10\\\/normativa-150x150.jpg\"},{\"@type\":\"BreadcrumbList\",\"@id\":\"https:\\\/\\\/www.pcb.ub.edu\\\/es\\\/transparencia\\\/suggeriments-i-queixes-2\\\/normativa-administrativa-general\\\/#breadcrumb\",\"itemListElement\":[{\"@type\":\"ListItem\",\"position\":1,\"name\":\"Home\",\"item\":\"https:\\\/\\\/www.pcb.ub.edu\\\/es\\\/\"},{\"@type\":\"ListItem\",\"position\":2,\"name\":\"Transparencia\",\"item\":\"https:\\\/\\\/www.pcb.ub.edu\\\/es\\\/transparencia\\\/\"},{\"@type\":\"ListItem\",\"position\":3,\"name\":\"Normativa\",\"item\":\"https:\\\/\\\/www.pcb.ub.edu\\\/es\\\/transparencia\\\/suggeriments-i-queixes-2\\\/\"},{\"@type\":\"ListItem\",\"position\":4,\"name\":\"Normativa administrativa general\"}]},{\"@type\":\"WebSite\",\"@id\":\"https:\\\/\\\/www.pcb.ub.edu\\\/es\\\/#website\",\"url\":\"https:\\\/\\\/www.pcb.ub.edu\\\/es\\\/\",\"name\":\"Parc Cient\u00edfic de Barcelona\",\"description\":\"Universitat de Barcelona\",\"potentialAction\":[{\"@type\":\"SearchAction\",\"target\":{\"@type\":\"EntryPoint\",\"urlTemplate\":\"https:\\\/\\\/www.pcb.ub.edu\\\/es\\\/?s={search_term_string}\"},\"query-input\":{\"@type\":\"PropertyValueSpecification\",\"valueRequired\":true,\"valueName\":\"search_term_string\"}}],\"inLanguage\":\"es\"}]}<\/script>\n<!-- \/ Yoast SEO plugin. -->","yoast_head_json":{"title":"Normativa administrativa general - Parc Cient\u00edfic de Barcelona","robots":{"index":"index","follow":"follow","max-snippet":"max-snippet:-1","max-image-preview":"max-image-preview:large","max-video-preview":"max-video-preview:-1"},"canonical":"https:\/\/www.pcb.ub.edu\/es\/transparencia\/suggeriments-i-queixes-2\/normativa-administrativa-general\/","og_locale":"es_ES","og_type":"article","og_title":"Normativa administrativa general - Parc Cient\u00edfic de Barcelona","og_description":"[vc_row type=\u00bbin_container\u00bb full_screen_row_position=\u00bbmiddle\u00bb column_margin=\u00bbdefault\u00bb column_direction=\u00bbdefault\u00bb column_direction_tablet=\u00bbdefault\u00bb column_direction_phone=\u00bbdefault\u00bb scene_position=\u00bbcenter\u00bb text_color=\u00bbdark\u00bb text_align=\u00bbleft\u00bb row_border_radius=\u00bbnone\u00bb row_border_radius_applies=\u00bbbg\u00bb overlay_strength=\u00bb0.3&#8243; gradient_direction=\u00bbleft_to_right\u00bb shape_divider_position=\u00bbbottom\u00bb bg_image_animation=\u00bbnone\u00bb][vc_column column_padding=\u00bbno-extra-padding\u00bb column_padding_tablet=\u00bbinherit\u00bb column_padding_phone=\u00bbinherit\u00bb column_padding_position=\u00bball\u00bb column_element_spacing=\u00bbdefault\u00bb background_color_opacity=\u00bb1&#8243; background_hover_color_opacity=\u00bb1&#8243; column_shadow=\u00bbnone\u00bb column_border_radius=\u00bbnone\u00bb column_link_target=\u00bb_self\u00bb gradient_direction=\u00bbleft_to_right\u00bb overlay_strength=\u00bb0.3&#8243; width=\u00bb1\/1&#8243; tablet_width_inherit=\u00bbdefault\u00bb...","og_url":"https:\/\/www.pcb.ub.edu\/es\/transparencia\/suggeriments-i-queixes-2\/normativa-administrativa-general\/","og_site_name":"Parc Cient\u00edfic de Barcelona","article_modified_time":"2023-01-18T15:32:01+00:00","og_image":[{"url":"https:\/\/www.pcb.ub.edu\/wp-content\/uploads\/2020\/10\/normativa-150x150.jpg","type":"","width":"","height":""}],"twitter_card":"summary_large_image","twitter_misc":{"Tiempo de lectura":"4 minutos"},"schema":{"@context":"https:\/\/schema.org","@graph":[{"@type":"WebPage","@id":"https:\/\/www.pcb.ub.edu\/es\/transparencia\/suggeriments-i-queixes-2\/normativa-administrativa-general\/","url":"https:\/\/www.pcb.ub.edu\/es\/transparencia\/suggeriments-i-queixes-2\/normativa-administrativa-general\/","name":"Normativa administrativa general - Parc Cient\u00edfic de Barcelona","isPartOf":{"@id":"https:\/\/www.pcb.ub.edu\/es\/#website"},"primaryImageOfPage":{"@id":"https:\/\/www.pcb.ub.edu\/es\/transparencia\/suggeriments-i-queixes-2\/normativa-administrativa-general\/#primaryimage"},"image":{"@id":"https:\/\/www.pcb.ub.edu\/es\/transparencia\/suggeriments-i-queixes-2\/normativa-administrativa-general\/#primaryimage"},"thumbnailUrl":"https:\/\/www.pcb.ub.edu\/wp-content\/uploads\/2020\/10\/normativa-150x150.jpg","datePublished":"2020-10-25T10:04:00+00:00","dateModified":"2023-01-18T15:32:01+00:00","breadcrumb":{"@id":"https:\/\/www.pcb.ub.edu\/es\/transparencia\/suggeriments-i-queixes-2\/normativa-administrativa-general\/#breadcrumb"},"inLanguage":"es","potentialAction":[{"@type":"ReadAction","target":["https:\/\/www.pcb.ub.edu\/es\/transparencia\/suggeriments-i-queixes-2\/normativa-administrativa-general\/"]}]},{"@type":"ImageObject","inLanguage":"es","@id":"https:\/\/www.pcb.ub.edu\/es\/transparencia\/suggeriments-i-queixes-2\/normativa-administrativa-general\/#primaryimage","url":"https:\/\/www.pcb.ub.edu\/wp-content\/uploads\/2020\/10\/normativa-150x150.jpg","contentUrl":"https:\/\/www.pcb.ub.edu\/wp-content\/uploads\/2020\/10\/normativa-150x150.jpg"},{"@type":"BreadcrumbList","@id":"https:\/\/www.pcb.ub.edu\/es\/transparencia\/suggeriments-i-queixes-2\/normativa-administrativa-general\/#breadcrumb","itemListElement":[{"@type":"ListItem","position":1,"name":"Home","item":"https:\/\/www.pcb.ub.edu\/es\/"},{"@type":"ListItem","position":2,"name":"Transparencia","item":"https:\/\/www.pcb.ub.edu\/es\/transparencia\/"},{"@type":"ListItem","position":3,"name":"Normativa","item":"https:\/\/www.pcb.ub.edu\/es\/transparencia\/suggeriments-i-queixes-2\/"},{"@type":"ListItem","position":4,"name":"Normativa administrativa general"}]},{"@type":"WebSite","@id":"https:\/\/www.pcb.ub.edu\/es\/#website","url":"https:\/\/www.pcb.ub.edu\/es\/","name":"Parc Cient\u00edfic de Barcelona","description":"Universitat de Barcelona","potentialAction":[{"@type":"SearchAction","target":{"@type":"EntryPoint","urlTemplate":"https:\/\/www.pcb.ub.edu\/es\/?s={search_term_string}"},"query-input":{"@type":"PropertyValueSpecification","valueRequired":true,"valueName":"search_term_string"}}],"inLanguage":"es"}]}},"_links":{"self":[{"href":"https:\/\/www.pcb.ub.edu\/es\/wp-json\/wp\/v2\/pages\/68952","targetHints":{"allow":["GET"]}}],"collection":[{"href":"https:\/\/www.pcb.ub.edu\/es\/wp-json\/wp\/v2\/pages"}],"about":[{"href":"https:\/\/www.pcb.ub.edu\/es\/wp-json\/wp\/v2\/types\/page"}],"author":[{"embeddable":true,"href":"https:\/\/www.pcb.ub.edu\/es\/wp-json\/wp\/v2\/users\/2"}],"replies":[{"embeddable":true,"href":"https:\/\/www.pcb.ub.edu\/es\/wp-json\/wp\/v2\/comments?post=68952"}],"version-history":[{"count":7,"href":"https:\/\/www.pcb.ub.edu\/es\/wp-json\/wp\/v2\/pages\/68952\/revisions"}],"predecessor-version":[{"id":81013,"href":"https:\/\/www.pcb.ub.edu\/es\/wp-json\/wp\/v2\/pages\/68952\/revisions\/81013"}],"up":[{"embeddable":true,"href":"https:\/\/www.pcb.ub.edu\/es\/wp-json\/wp\/v2\/pages\/68925"}],"wp:attachment":[{"href":"https:\/\/www.pcb.ub.edu\/es\/wp-json\/wp\/v2\/media?parent=68952"}],"curies":[{"name":"wp","href":"https:\/\/api.w.org\/{rel}","templated":true}]}}